{"id":16163,"date":"2022-02-21T12:54:51","date_gmt":"2022-02-21T12:54:51","guid":{"rendered":"https:\/\/congresodietamediterranea.com\/comunicaciones-edicion-2024\/"},"modified":"2024-03-14T20:57:40","modified_gmt":"2024-03-14T20:57:40","slug":"comunicacions-edicio-2024","status":"publish","type":"page","link":"https:\/\/congresodietamediterranea.com\/ca\/comunicacions-edicio-2024\/","title":{"rendered":"COMUNICACIONS &#8211; EDICI\u00d3 2024"},"content":{"rendered":"[vc_row type=&#8221;in_container&#8221; full_screen_row_position=&#8221;middle&#8221; scene_position=&#8221;center&#8221; text_color=&#8221;dark&#8221; text_align=&#8221;left&#8221; overlay_strength=&#8221;0.3&#8243; shape_divider_position=&#8221;bottom&#8221; bg_image_animation=&#8221;none&#8221;][vc_column column_padding=&#8221;no-extra-padding&#8221; column_padding_position=&#8221;all&#8221; background_color_opacity=&#8221;1&#8243; background_hover_color_opacity=&#8221;1&#8243; column_link_target=&#8221;_self&#8221; column_shadow=&#8221;none&#8221; column_border_radius=&#8221;none&#8221; width=&#8221;1\/1&#8243; tablet_width_inherit=&#8221;default&#8221; tablet_text_alignment=&#8221;default&#8221; phone_text_alignment=&#8221;default&#8221; column_border_width=&#8221;none&#8221; column_border_style=&#8221;solid&#8221; bg_image_animation=&#8221;none&#8221;][vc_column_text]\n<h1><strong>COMUNICACIONS<\/strong><\/h1>\n<p>El Comit\u00e8 Cient\u00edfic i el Comit\u00e8 Organitzador del XIV Congr\u00e9s Internacional Dieta Mediterr\u00e0nia, convida els professionals, centres de recerca, acad\u00e8mics, institucions, associacions, Administraci\u00f3 P\u00fablica, etc a presentar en aquest Congr\u00e9s, una comunicaci\u00f3 amb els \u00faltims treballs relacionats amb la Dieta Mediterr\u00e0nia en la seva visi\u00f3 m\u00e9s hol\u00edstica (salut de les persones, salut del planeta i patrimoni cultural)[\/vc_column_text][\/vc_column][\/vc_row][vc_row type=&#8221;in_container&#8221; full_screen_row_position=&#8221;middle&#8221; scene_position=&#8221;center&#8221; text_color=&#8221;dark&#8221; text_align=&#8221;left&#8221; overlay_strength=&#8221;0.3&#8243; shape_divider_position=&#8221;bottom&#8221; bg_image_animation=&#8221;none&#8221;][vc_column column_padding=&#8221;no-extra-padding&#8221; column_padding_position=&#8221;all&#8221; background_color_opacity=&#8221;1&#8243; background_hover_color_opacity=&#8221;1&#8243; column_link_target=&#8221;_self&#8221; column_shadow=&#8221;none&#8221; column_border_radius=&#8221;none&#8221; width=&#8221;1\/1&#8243; tablet_width_inherit=&#8221;default&#8221; tablet_text_alignment=&#8221;default&#8221; phone_text_alignment=&#8221;default&#8221; column_border_width=&#8221;none&#8221; column_border_style=&#8221;solid&#8221; bg_image_animation=&#8221;none&#8221;][vc_column_text]\n<div class=\"wpb_text_column wpb_content_element \">\n<div class=\"wpb_wrapper\">\n<h1><strong>DATES<\/strong><\/h1>\n<p>Abans del 23 de febrer de 2024 a les 15:00 (UTC\/GMT +1 hores)<\/p>\n<p><strong>Termini ampliat fins el 4 de mar\u00e7 de 2024<\/strong><\/p>\n<\/div>\n<\/div>\n[\/vc_column_text][\/vc_column][\/vc_row][vc_row type=&#8221;in_container&#8221; full_screen_row_position=&#8221;middle&#8221; scene_position=&#8221;center&#8221; text_color=&#8221;dark&#8221; text_align=&#8221;left&#8221; overlay_strength=&#8221;0.3&#8243; shape_divider_position=&#8221;bottom&#8221; bg_image_animation=&#8221;none&#8221;][vc_column column_padding=&#8221;no-extra-padding&#8221; column_padding_position=&#8221;all&#8221; background_color_opacity=&#8221;1&#8243; background_hover_color_opacity=&#8221;1&#8243; column_link_target=&#8221;_self&#8221; column_shadow=&#8221;none&#8221; column_border_radius=&#8221;none&#8221; width=&#8221;1\/1&#8243; tablet_width_inherit=&#8221;default&#8221; tablet_text_alignment=&#8221;default&#8221; phone_text_alignment=&#8221;default&#8221; column_border_width=&#8221;none&#8221; column_border_style=&#8221;solid&#8221; bg_image_animation=&#8221;none&#8221;][vc_column_text]\n<div class=\"wpb_text_column wpb_content_element \">\n<div class=\"wpb_wrapper\">\n<h1><strong>PROC\u00c9S<\/strong><\/h1>\n<p>El termini de presentaci\u00f3 de comunicacions va acabar el <strong>4 de mar\u00e7 de 2024<\/strong>.<\/p>\n<p>A partir del dia <strong>8 de mar\u00e7<\/strong>, cada professional rebr\u00e0 un mail amb la confirmaci\u00f3 de si la seva comunicaci\u00f3 ha estat acceptada pel Comit\u00e8 Cient\u00edfic.<\/p>\n<\/div>\n<\/div>\n[\/vc_column_text][\/vc_column][\/vc_row][vc_row type=&#8221;in_container&#8221; full_screen_row_position=&#8221;middle&#8221; scene_position=&#8221;center&#8221; text_color=&#8221;dark&#8221; text_align=&#8221;left&#8221; overlay_strength=&#8221;0.3&#8243; shape_divider_position=&#8221;bottom&#8221; bg_image_animation=&#8221;none&#8221;][vc_column column_padding=&#8221;no-extra-padding&#8221; column_padding_position=&#8221;all&#8221; background_color_opacity=&#8221;1&#8243; background_hover_color_opacity=&#8221;1&#8243; column_link_target=&#8221;_self&#8221; column_shadow=&#8221;none&#8221; column_border_radius=&#8221;none&#8221; width=&#8221;1\/1&#8243; tablet_width_inherit=&#8221;default&#8221; tablet_text_alignment=&#8221;default&#8221; phone_text_alignment=&#8221;default&#8221; column_border_width=&#8221;none&#8221; column_border_style=&#8221;solid&#8221; bg_image_animation=&#8221;none&#8221;][vc_column_text]\n<div class=\"wpb_text_column wpb_content_element \">\n<div class=\"wpb_wrapper\">\n<h1><strong>TIPUS DE COMUNICACI\u00d3<\/strong><\/h1>\n<p>Durant el XIV Congr\u00e9s Internacional Dieta Mediterr\u00e0nia s&#8217; exhibiran en format posters les comunicacions acceptades.<\/p>\n<p>Aix\u00ed mateix les millors comunicacions tindran un espai en el transcurs del XIV Congr\u00e9s, per exposar el seu treball i compartir-lo amb els congressistes. Les tres millors tindran un premi econ\u00f2mic.<\/p>\n<p>L&#8217; acceptaci\u00f3 i selecci\u00f3 d&#8217; aquestes comunicacions la realitzar\u00e0 el Comit\u00e8 Cient\u00edfic del Congr\u00e9s, que es basar\u00e0 en uns criteris preestablerts.<\/p>\n<p>&nbsp;<\/p>\n<p>&nbsp;<\/p>\n<\/div>\n<\/div>\n[\/vc_column_text][\/vc_column][\/vc_row][vc_row type=&#8221;in_container&#8221; full_screen_row_position=&#8221;middle&#8221; scene_position=&#8221;center&#8221; text_color=&#8221;dark&#8221; text_align=&#8221;left&#8221; overlay_strength=&#8221;0.3&#8243; shape_divider_position=&#8221;bottom&#8221; bg_image_animation=&#8221;none&#8221;][vc_column column_padding=&#8221;no-extra-padding&#8221; column_padding_position=&#8221;all&#8221; background_color_opacity=&#8221;1&#8243; background_hover_color_opacity=&#8221;1&#8243; column_link_target=&#8221;_self&#8221; column_shadow=&#8221;none&#8221; column_border_radius=&#8221;none&#8221; width=&#8221;1\/1&#8243; tablet_width_inherit=&#8221;default&#8221; tablet_text_alignment=&#8221;default&#8221; phone_text_alignment=&#8221;default&#8221; column_border_width=&#8221;none&#8221; column_border_style=&#8221;solid&#8221; bg_image_animation=&#8221;none&#8221;][vc_column_text]\n<h1><strong>FORMAT DE LA COMUNICACI\u00d3<\/strong><\/h1>\n<p>El resum de la comunicaci\u00f3 presentada, haur\u00e0 de ser d&#8217; un treball in\u00e8dit i original, on s&#8217; inclogui els seg\u00fcents apartats:<\/p>\n<ol>\n<li>Mail de contacte<\/li>\n<li>T\u00edtol<\/li>\n<li>Autors<\/li>\n<li>Instituci\u00f3<\/li>\n<li>Objectius<\/li>\n<li>Material i m\u00e8todes<\/li>\n<li>Resultats<\/li>\n<li>Conclusions<\/li>\n<\/ol>\n<p>Les quatre \u00faltimes parts, estan limitades a 200 paraules en total[\/vc_column_text][\/vc_column][\/vc_row][vc_row type=&#8221;in_container&#8221; full_screen_row_position=&#8221;middle&#8221; scene_position=&#8221;center&#8221; text_color=&#8221;dark&#8221; text_align=&#8221;left&#8221; overlay_strength=&#8221;0.3&#8243; shape_divider_position=&#8221;bottom&#8221; bg_image_animation=&#8221;none&#8221;][vc_column column_padding=&#8221;no-extra-padding&#8221; column_padding_position=&#8221;all&#8221; background_color_opacity=&#8221;1&#8243; background_hover_color_opacity=&#8221;1&#8243; column_link_target=&#8221;_self&#8221; column_shadow=&#8221;none&#8221; column_border_radius=&#8221;none&#8221; width=&#8221;1\/1&#8243; tablet_width_inherit=&#8221;default&#8221; tablet_text_alignment=&#8221;default&#8221; phone_text_alignment=&#8221;default&#8221; column_border_width=&#8221;none&#8221; column_border_style=&#8221;solid&#8221; bg_image_animation=&#8221;none&#8221;][vc_column_text]\n<h1><strong>NORMATIVA DE LA CONVOCAT\u00d2RIA DE COMUNICACIONS<\/strong><\/h1>\n<ol>\n<li>Nom\u00e9s seran acceptades les comunicacions presentades a trav\u00e9s del web del Congr\u00e9s. No s&#8217; acceptaran resums enviats per email, fax o correu postal.<\/li>\n<li>Tindran prioritat treballs que abordin les tem\u00e0tiques contemplades en el XIV Congr\u00e9s Internacional Dieta Mediterr\u00e0nia.<\/li>\n<li>Els treballs hauran de ser originals, i mai haver-se presentat en un altre congr\u00e9s. S\u00ed que s&#8217; acceptaran comunicacions que s&#8217; hagin publicat en alguna revista cient\u00edfica en el mateix any del congr\u00e9s.<\/li>\n<li>Nom\u00e9s seran acceptades aquelles comunicacions en les quals almenys un dels autors hagi realitzat la inscripci\u00f3 al XIV Congr\u00e9s Internacional Dieta Mediterr\u00e0nia.<\/li>\n<li>Es limita a un m\u00e0xim de dues comunicacions enviades per un mateix primer autor.<\/li>\n<li>Les comunicacions hauran de contenir tota la informaci\u00f3 requerida: mail de contacte, t\u00edtol, autors, instituci\u00f3, objectius, material i m\u00e8todes, resultats i conclusions; no superant les 200 paraules en total per a les seccions d&#8217; objectius, material i m\u00e8todes, resultats i conclusions.<\/li>\n<li>No ha d&#8217; incloure ni taules ni figures.<\/li>\n<li>No s&#8217; utilitzaran abreviatures ni diminutius<\/li>\n<li>L&#8217;idioma a presentar pot ser castell\u00e0 o angl\u00e8s, idiomes oficials del XIV Congr\u00e9s Internacional Dieta Mediterr\u00e0nia<\/li>\n<li>Es recomana revisar acuradament el resum abans d&#8217; enviar-lo.<\/li>\n<li>Els resums de les comunicacions presentades seran revisats pel Comit\u00e8 Cient\u00edfic, podent ser trameses a avaluadors externs. Els autors seran informats de la decisi\u00f3 d&#8217; acceptaci\u00f3 o rebuig despr\u00e9s de la revisi\u00f3.<\/li>\n<li>L&#8217;acceptaci\u00f3 de les comunicacions pel Comit\u00e8 Cient\u00edfic, es notificar\u00e0 per mail i s&#8217;haur\u00e0 d&#8217;enviar el poster en format digital (la resoluci\u00f3 haur\u00e0s de ser de 300 dpi) a congreso@fundaciondietamediterranea.org, abans del <strong>15 de mar\u00e7 de 2024<\/strong>. Un cop finalitzat aquest termini ja no s&#8217; acceptaran i no s&#8217; exposaran al Congr\u00e9s.<\/li>\n<li>Les millors comunicacions, tindran l&#8217;ocasi\u00f3 de poder defensar el seu treball als congressistes del XIV Congr\u00e9s. Se&#8217;ls enviar\u00e0 un mail amb la informaci\u00f3 corresponent.<\/li>\n<li>Les comunicacions acceptades pel Comit\u00e8 Cient\u00edfic, a excepci\u00f3 de les millors, s&#8217;hauran de presentar en format f\u00edsic el dia 20 de mar\u00e7 a l&#8217; hora que s&#8217; indicar\u00e0 m\u00e9s endavant. Un cop finalitzat aquest termini ja no s&#8217; acceptaran i no s&#8217; exposaran al Congr\u00e9s.<\/li>\n<li>La impressi\u00f3 dels posters anir\u00e0 a c\u00e0rrec del congressista que la presenti i hauran de respectar les mesures de 90x170cm (orientaci\u00f3 vertical).<\/li>\n<li>Totes les Comunicacions en format poster es presentaran al web del XIV Congr\u00e9s Internacional de Dieta Mediterr\u00e0nia.<\/li>\n<li>Els premis per a les tres millors comunicacions seran de 600 \u20ac (primer premi), 300\u20ac (segon premi) i 250\u20ac (tercer premi).<\/li>\n<\/ol>\n[\/vc_column_text][\/vc_column][\/vc_row]\n","protected":false},"excerpt":{"rendered":"<p>[vc_row type=&#8221;in_container&#8221; full_screen_row_position=&#8221;middle&#8221; scene_position=&#8221;center&#8221; text_color=&#8221;dark&#8221; text_align=&#8221;left&#8221; overlay_strength=&#8221;0.3&#8243; shape_divider_position=&#8221;bottom&#8221; bg_image_animation=&#8221;none&#8221;][vc_column column_padding=&#8221;no-extra-padding&#8221; column_padding_position=&#8221;all&#8221; background_color_opacity=&#8221;1&#8243; background_hover_color_opacity=&#8221;1&#8243; column_link_target=&#8221;_self&#8221; column_shadow=&#8221;none&#8221; column_border_radius=&#8221;none&#8221; width=&#8221;1\/1&#8243; tablet_width_inherit=&#8221;default&#8221; tablet_text_alignment=&#8221;default&#8221; phone_text_alignment=&#8221;default&#8221; column_border_width=&#8221;none&#8221; column_border_style=&#8221;solid&#8221; bg_image_animation=&#8221;none&#8221;][vc_column_text] COMUNICACIONS El Comit\u00e8 Cient\u00edfic i el Comit\u00e8&#8230;<\/p>\n","protected":false},"author":9192195,"featured_media":0,"parent":0,"menu_order":0,"comment_status":"closed","ping_status":"closed","template":"","meta":[],"_links":{"self":[{"href":"https:\/\/congresodietamediterranea.com\/ca\/wp-json\/wp\/v2\/pages\/16163\/"}],"collection":[{"href":"https:\/\/congresodietamediterranea.com\/ca\/wp-json\/wp\/v2\/pages\/"}],"about":[{"href":"https:\/\/congresodietamediterranea.com\/ca\/wp-json\/wp\/v2\/types\/page\/"}],"author":[{"embeddable":true,"href":"https:\/\/congresodietamediterranea.com\/ca\/wp-json\/wp\/v2\/users\/9192195\/"}],"replies":[{"embeddable":true,"href":"https:\/\/congresodietamediterranea.com\/ca\/wp-json\/wp\/v2\/comments\/?post=16163"}],"version-history":[{"count":5,"href":"https:\/\/congresodietamediterranea.com\/ca\/wp-json\/wp\/v2\/pages\/16163\/revisions\/"}],"predecessor-version":[{"id":16180,"href":"https:\/\/congresodietamediterranea.com\/ca\/wp-json\/wp\/v2\/pages\/16163\/revisions\/16180\/"}],"wp:attachment":[{"href":"https:\/\/congresodietamediterranea.com\/ca\/wp-json\/wp\/v2\/media\/?parent=16163"}],"curies":[{"name":"wp","href":"https:\/\/api.w.org\/{rel}","templated":true}]}}