{"id":16389,"date":"2024-02-27T12:19:39","date_gmt":"2024-02-27T12:19:39","guid":{"rendered":"https:\/\/congresodietamediterranea.com\/ponents\/josep-corbella\/"},"modified":"2024-03-14T23:13:02","modified_gmt":"2024-03-14T23:13:02","slug":"josep-corbella","status":"publish","type":"page","link":"https:\/\/congresodietamediterranea.com\/ca\/ponents\/josep-corbella\/","title":{"rendered":"Josep Corbella"},"content":{"rendered":"[vc_row type=&#8221;in_container&#8221; full_screen_row_position=&#8221;middle&#8221; scene_position=&#8221;center&#8221; text_color=&#8221;dark&#8221; text_align=&#8221;left&#8221; overlay_strength=&#8221;0.3&#8243; shape_divider_position=&#8221;bottom&#8221; bg_image_animation=&#8221;none&#8221;][vc_column column_padding=&#8221;no-extra-padding&#8221; column_padding_position=&#8221;all&#8221; background_color_opacity=&#8221;1&#8243; background_hover_color_opacity=&#8221;1&#8243; column_link_target=&#8221;_self&#8221; column_shadow=&#8221;none&#8221; column_border_radius=&#8221;none&#8221; width=&#8221;1\/4&#8243; tablet_width_inherit=&#8221;default&#8221; tablet_text_alignment=&#8221;default&#8221; phone_text_alignment=&#8221;default&#8221; column_border_width=&#8221;none&#8221; column_border_style=&#8221;solid&#8221; bg_image_animation=&#8221;none&#8221;]<div class=\"img-with-aniamtion-wrap center\" data-max-width=\"100%\" data-border-radius=\"20px\"><div class=\"inner\"><img data-shadow=\"none\" data-shadow-direction=\"middle\" class=\"img-with-animation skip-lazy \" data-delay=\"0\" height=\"1000\" width=\"1000\"  data-animation=\"fade-in\" src=\"https:\/\/congresodietamediterranea.com\/wp-content\/uploads\/2024\/02\/Corbella_Josep.png\" srcset=\"https:\/\/congresodietamediterranea.com\/wp-content\/uploads\/2024\/02\/Corbella_Josep.png 1000w, https:\/\/congresodietamediterranea.com\/wp-content\/uploads\/2024\/02\/Corbella_Josep-300x300.png 300w, https:\/\/congresodietamediterranea.com\/wp-content\/uploads\/2024\/02\/Corbella_Josep-150x150.png 150w, https:\/\/congresodietamediterranea.com\/wp-content\/uploads\/2024\/02\/Corbella_Josep-768x768.png 768w, https:\/\/congresodietamediterranea.com\/wp-content\/uploads\/2024\/02\/Corbella_Josep-100x100.png 100w, https:\/\/congresodietamediterranea.com\/wp-content\/uploads\/2024\/02\/Corbella_Josep-140x140.png 140w, https:\/\/congresodietamediterranea.com\/wp-content\/uploads\/2024\/02\/Corbella_Josep-500x500.png 500w, https:\/\/congresodietamediterranea.com\/wp-content\/uploads\/2024\/02\/Corbella_Josep-350x350.png 350w, https:\/\/congresodietamediterranea.com\/wp-content\/uploads\/2024\/02\/Corbella_Josep-800x800.png 800w, https:\/\/congresodietamediterranea.com\/wp-content\/uploads\/2024\/02\/Corbella_Josep-375x375.png 375w, https:\/\/congresodietamediterranea.com\/wp-content\/uploads\/2024\/02\/Corbella_Josep-600x600.png 600w\" sizes=\"100vw\" alt=\"\" \/><\/div><\/div>[\/vc_column][vc_column column_padding=&#8221;no-extra-padding&#8221; column_padding_position=&#8221;all&#8221; background_color_opacity=&#8221;1&#8243; background_hover_color_opacity=&#8221;1&#8243; column_link_target=&#8221;_self&#8221; column_shadow=&#8221;none&#8221; column_border_radius=&#8221;none&#8221; width=&#8221;3\/4&#8243; tablet_width_inherit=&#8221;default&#8221; tablet_text_alignment=&#8221;default&#8221; phone_text_alignment=&#8221;default&#8221; column_border_width=&#8221;none&#8221; column_border_style=&#8221;solid&#8221; bg_image_animation=&#8221;none&#8221;][vc_column_text]Josep Corbella Domenech (Barcelona, 1966)<\/p>\n<p>&nbsp;<\/p>\n<p>https:\/\/www.lavanguardia.com\/autores\/josep-corbella.html<\/p>\n<p>Formaci\u00f3 acad\u00e8mica<\/p>\n<p>1989:Llicenciat en Ci\u00e8ncies de la Informaci\u00f3 (especialitat Periodisme), Universitat Aut\u00f2noma de Barcelona<\/p>\n<p>Premsa escrita<\/p>\n<p>1986-1988. \u201cCarrer Gran\u201d<\/p>\n<p>Redactor de la secci\u00f3 de Cultura<\/p>\n<p>1988-1990. \u201cDiari de Barcelona\u201d<\/p>\n<p>Col\u00b7laborador de la secci\u00f3 d&#8217;Opini\u00f3<\/p>\n<p>1988-1990. Redactor de la secci\u00f3 de Societat<\/p>\n<p>1989-1990. Coordinador de la secci\u00f3 setmanal de Medicina<\/p>\n<p>Des de 1990. \u201cLa Vanguardia\u201d<\/p>\n<p>1990-1992. Redactor del suplement \u201cMedicina i Qualitat de Vida\u201d<\/p>\n<p>1992-2007. Redactor de Ci\u00e8ncia i Medicina en la secci\u00f3 de Societat<\/p>\n<p>2007-2008. Redactor cap de Societat<\/p>\n<p>Des de 2008. Redactor de Ci\u00e8ncia i Medicina amb categoria de redactor cap<\/p>\n<p>Des de 2010. Coordinador dels premis \u201cAvantguarda de la Ci\u00e8ncia\u201d<\/p>\n<p>Des de 2012. Coordinador del canal d&#8217;informaci\u00f3 cient\u00edfica Big Vang<\/p>\n<p>Director del suplement especial de 64 p\u00e0gines \u201cM\u00e9s enll\u00e0 de la Lluna\u201d<\/p>\n<p>R\u00e0dio<\/p>\n<p>Des de 2001. RAC1<\/p>\n<p>2001-2007. Col\u00b7laborador de \u201cEl m\u00f3n a RAC1\u201d<\/p>\n<p>Des de 2012. Coordinador d&#8217;una secci\u00f3 de ci\u00e8ncia setmanal en \u201cVersi\u00f3 RAC1\u201d<\/p>\n<p>2004-2005. Punt Radi<\/p>\n<p>Col\u00b7laborador d&#8217;una tert\u00falia de ci\u00e8ncia setmanal en \u201cCampoy al punt\u201d<\/p>\n<p>Televisi\u00f3<\/p>\n<p>Des de 2020. La Sexta<\/p>\n<p>Col\u00b7laborador de \u201cRoent\u201d per a analitzar la pand\u00e8mia de covid i posteriorment l&#8217;actualitat cient\u00edfica<\/p>\n<p>Des de 2020. TV3<\/p>\n<p>Col\u00b7laborador de \u201cTot \u00e9s mou\u201d per a analitzar la pand\u00e8mia de covid i posteriorment l&#8217;actualitat cient\u00edfica<\/p>\n<p>Llibres<\/p>\n<p>Sapiens. El llarg cam\u00ed dels hom\u00ednids cap a la intel\u00b7lig\u00e8ncia (Edicions 62, coescrito amb Eudald Carbonell, Salvador Moy\u00e0 i Robert Sala). Tradu\u00eft a l&#8217;espanyol (Ed. Pen\u00ednsula. Sapiens. El llarg cam\u00ed dels hom\u00ednids cap a la intel\u00b7lig\u00e8ncia)<\/p>\n<p>La ci\u00e8ncia de la salut (Ed. Planeta, coescrito amb Valent\u00edn Fuster). Tradu\u00eft al catal\u00e0 (Planeta. La ci\u00e8ncia de la salut), angl\u00e8s (Ed. Harper. The Heart Manual), itali\u00e0 (Ed. Tea. La vostra salute la meva sta a cuore), roman\u00e8s (Ed. Corint, Invata sa traiesti sanatos) i xin\u00e8s (Ed.l Booklife de Taiwan)<\/p>\n<p>La cuina de la salut (Ed. Planeta, coescrito amb Ferran Adri\u00e0 i Valent\u00edn Fuster). Tradu\u00eft al catal\u00e0 (Ed. Planeta. La cuina de la salut), itali\u00e0 (Sperling &amp; Kupfer. La buona cucina della salute) i portugu\u00e8s (Senac. A cozinha d\u00f3na sa\u00fade)<\/p>\n<p>La ci\u00e8ncia de la llarga vida (Ed. Planeta, coescrito amb Valent\u00edn Fuster). Tradu\u00eft al catal\u00e0 (Ed. Planeta. La ci\u00e8ncia de la llarga vida) i angl\u00e8s (Ed. Hearts of Our Children. The Science of a Long Life)<\/p>\n<p>La meravellosa hist\u00f2ria del teu cos (Ed. Columna). Tradu\u00eft a l&#8217;espanyol (Ed. C\u00fapula. La meravellosa hist\u00f2ria del teu cos)<\/p>\n<p>El llegat de Pere Mir (Ed. Cellex)<\/p>\n<p>2022.Baselga, el metge que volia canviar el m\u00f3n (Ed. Navona)<\/p>\n<p>Selecci\u00f3 de deu actes coberts com enviat especial<\/p>\n<p>Primera Confer\u00e8ncia de Canvi Clim\u00e0tic de les Nacions Unides (Berl\u00edn, Alemanya)<\/p>\n<p>Llan\u00e7ament del primer coet Ariane 5 en el Centre Espacial Guayan\u00e9s (Guaiana Francesa)<\/p>\n<p>Confer\u00e8ncia Internacional de la #Sida , on es van presentar les ter\u00e0pies combinades que van permetre cronificar la malaltia (Vancouver, el Canad\u00e0)<\/p>\n<p>Llan\u00e7ament de la missi\u00f3 STS-95 del Discovery amb Pedro Duque en el Centre Espacial Kennedy (Florida, els EUA)<\/p>\n<p>Llan\u00e7ament de la missi\u00f3 Cervantes de Pedro Duque a l&#8217;Estaci\u00f3 Espacial Internacional (Baikonur, Kazakhstan)<\/p>\n<p>Maniobra d&#8217;inserci\u00f3 en \u00f2rbita de la nau Cassini a Saturn des del Laboratori de Propulsi\u00f3 a raig de la #NASA (Calif\u00f2rnia, els EUA)<\/p>\n<p>Inauguraci\u00f3 de l&#8217;accelerador de part\u00edcules LHC en el CERN (Ginebra, Su\u00efssa)<\/p>\n<p>Cobertura de les primeres decisions sobre la pand\u00e8mia de grip H1N1 en la seu central de l&#8217;Organitzaci\u00f3 Mundial de la Salut (Ginebra, Su\u00efssa)<\/p>\n<p>Congr\u00e9s de la Societat Americana d&#8217;Oncologia Cl\u00ednica (F\u00c0STIC), on es van presentar les immunoter\u00e0pies que han canviat el pron\u00f2stic del melanoma i altres tumors s\u00f2lids (Chicago, els EUA)<\/p>\n<p>Arribada de la missi\u00f3 ExoMars de l&#8217;Ag\u00e8ncia Espacial Europea i aterratge de la sonda Schiaparelli en Mart en el Centre Europeu d&#8217;Operacions Espacials (Darmstadt, Alemanya)<\/p>\n<p>Premis destacats<\/p>\n<p>&nbsp;<\/p>\n<p>Premi de periodisme de la Societat Espanyola d&#8217;Oncologia M\u00e8dica per l&#8217;article \u201cCarlos Cord\u00f3n: \u2018els meus dos combats contra el c\u00e0ncer\u2019\u00a0 (Magazine de La Vanguardia, 10\/12\/2006)<\/p>\n<p>Guard\u00f3 de la Fundaci\u00f3 ADANA per \u201cla labor de La Vanguardia en la millora de la qualitat de vida de les persones amb TDAH\u201d<\/p>\n<p>Premi Nacional de Gastronomia de la Reial Acad\u00e8mia de Gastronomia en la categoria de \u201cMillor publicaci\u00f3\u201d pel llibre La cuina de la salut (compartit amb Valent\u00edn Fuster i Ferran Adri\u00e0)<\/p>\n<p>Premi Nacional de Recerca (Premi Nacional de Recerca) de la Generalitat de Catalunya en la categoria de \u201cComunicaci\u00f3 Cient\u00edfica\u201d a La Vanguardia<\/p>\n<p>Premi Matem\u00e0tiques i Societat (Premi Matem\u00e0tiques i Societat) del Institut d\u2019Estudis Catalans per \u201cEl cervell matem\u00e0tic\u201d (s\u00e8rie de 42 articles publicats en l&#8217;estiu del 2011)<\/p>\n<p>Premi de Periodisme Cient\u00edfic Concha Garc\u00eda Campoy en la categoria de Traject\u00f2ria atorgat per l&#8217;Acad\u00e8mia de Televisi\u00f3<\/p>\n<p>Premi Pantera de l&#8217;Associaci\u00f3 Arca de No\u00e8 per \u201cel servei p\u00fablic prestat com a professional de la informaci\u00f3 durant la pand\u00e8mia de COVID-19\u201d<\/p>\n<p>Altres<\/p>\n<p>Ponent del Congr\u00e9s Nacional per als Mitjans de comunicaci\u00f3 a Litu\u00e0nia, organitzat per l&#8217;Organitzaci\u00f3 Mundial de la Salut i el Ministeri de Salut de Litu\u00e0nia<\/p>\n<p>Des de 2002. Colaborador de la German Marshall Fund<\/p>\n<p>2007 Director de continguts de l&#8217;exposici\u00f3 \u201cNavegants del segle XXI\u201d, organitzada per l&#8217;Ajuntament de Barcelona i l&#8217;Ag\u00e8ncia Espacial Europea en el Museu Mar\u00edtim de Barcelona<\/p>\n<p>&nbsp;<\/p>\n<p>2021-2022. Membre del Comit\u00e8 Cient\u00edfic Assessor de Covid-19 de la Generalitat de Catalunya[\/vc_column_text][\/vc_column][\/vc_row]\n","protected":false},"excerpt":{"rendered":"<p>[vc_row type=&#8221;in_container&#8221; full_screen_row_position=&#8221;middle&#8221; scene_position=&#8221;center&#8221; text_color=&#8221;dark&#8221; text_align=&#8221;left&#8221; overlay_strength=&#8221;0.3&#8243; shape_divider_position=&#8221;bottom&#8221; bg_image_animation=&#8221;none&#8221;][vc_column column_padding=&#8221;no-extra-padding&#8221; column_padding_position=&#8221;all&#8221; background_color_opacity=&#8221;1&#8243; background_hover_color_opacity=&#8221;1&#8243; column_link_target=&#8221;_self&#8221; column_shadow=&#8221;none&#8221; column_border_radius=&#8221;none&#8221; width=&#8221;1\/4&#8243; tablet_width_inherit=&#8221;default&#8221; tablet_text_alignment=&#8221;default&#8221; phone_text_alignment=&#8221;default&#8221; column_border_width=&#8221;none&#8221; column_border_style=&#8221;solid&#8221; bg_image_animation=&#8221;none&#8221;][\/vc_column][vc_column column_padding=&#8221;no-extra-padding&#8221; column_padding_position=&#8221;all&#8221; background_color_opacity=&#8221;1&#8243; background_hover_color_opacity=&#8221;1&#8243; column_link_target=&#8221;_self&#8221; column_shadow=&#8221;none&#8221; column_border_radius=&#8221;none&#8221;&#8230;<\/p>\n","protected":false},"author":9192195,"featured_media":0,"parent":16153,"menu_order":0,"comment_status":"closed","ping_status":"closed","template":"","meta":[],"_links":{"self":[{"href":"https:\/\/congresodietamediterranea.com\/ca\/wp-json\/wp\/v2\/pages\/16389\/"}],"collection":[{"href":"https:\/\/congresodietamediterranea.com\/ca\/wp-json\/wp\/v2\/pages\/"}],"about":[{"href":"https:\/\/congresodietamediterranea.com\/ca\/wp-json\/wp\/v2\/types\/page\/"}],"author":[{"embeddable":true,"href":"https:\/\/congresodietamediterranea.com\/ca\/wp-json\/wp\/v2\/users\/9192195\/"}],"replies":[{"embeddable":true,"href":"https:\/\/congresodietamediterranea.com\/ca\/wp-json\/wp\/v2\/comments\/?post=16389"}],"version-history":[{"count":1,"href":"https:\/\/congresodietamediterranea.com\/ca\/wp-json\/wp\/v2\/pages\/16389\/revisions\/"}],"predecessor-version":[{"id":16456,"href":"https:\/\/congresodietamediterranea.com\/ca\/wp-json\/wp\/v2\/pages\/16389\/revisions\/16456\/"}],"up":[{"embeddable":true,"href":"https:\/\/congresodietamediterranea.com\/ca\/wp-json\/wp\/v2\/pages\/16153\/"}],"wp:attachment":[{"href":"https:\/\/congresodietamediterranea.com\/ca\/wp-json\/wp\/v2\/media\/?parent=16389"}],"curies":[{"name":"wp","href":"https:\/\/api.w.org\/{rel}","templated":true}]}}