{"id":16407,"date":"2024-02-23T12:48:11","date_gmt":"2024-02-23T12:48:11","guid":{"rendered":"https:\/\/congresodietamediterranea.com\/ponents\/rosa-lamuela-raventos\/"},"modified":"2024-03-14T23:23:42","modified_gmt":"2024-03-14T23:23:42","slug":"rosa-lamuela-raventos","status":"publish","type":"page","link":"https:\/\/congresodietamediterranea.com\/ca\/ponents\/rosa-lamuela-raventos\/","title":{"rendered":"Rosa Lamuela-Ravent\u00f3s"},"content":{"rendered":"[vc_row type=&#8221;in_container&#8221; full_screen_row_position=&#8221;middle&#8221; scene_position=&#8221;center&#8221; text_color=&#8221;dark&#8221; text_align=&#8221;left&#8221; overlay_strength=&#8221;0.3&#8243; shape_divider_position=&#8221;bottom&#8221; bg_image_animation=&#8221;none&#8221;][vc_column column_padding=&#8221;no-extra-padding&#8221; column_padding_position=&#8221;all&#8221; background_color_opacity=&#8221;1&#8243; background_hover_color_opacity=&#8221;1&#8243; column_link_target=&#8221;_self&#8221; column_shadow=&#8221;none&#8221; column_border_radius=&#8221;none&#8221; width=&#8221;1\/4&#8243; tablet_width_inherit=&#8221;default&#8221; tablet_text_alignment=&#8221;default&#8221; phone_text_alignment=&#8221;default&#8221; column_border_width=&#8221;none&#8221; column_border_style=&#8221;solid&#8221; bg_image_animation=&#8221;none&#8221;]<div class=\"img-with-aniamtion-wrap center\" data-max-width=\"100%\" data-border-radius=\"20px\"><div class=\"inner\"><img data-shadow=\"none\" data-shadow-direction=\"middle\" class=\"img-with-animation skip-lazy \" data-delay=\"0\" height=\"1000\" width=\"1000\"  data-animation=\"fade-in\" src=\"https:\/\/congresodietamediterranea.com\/wp-content\/uploads\/2024\/02\/Lamuela_Rosa.png\" srcset=\"https:\/\/congresodietamediterranea.com\/wp-content\/uploads\/2024\/02\/Lamuela_Rosa.png 1000w, https:\/\/congresodietamediterranea.com\/wp-content\/uploads\/2024\/02\/Lamuela_Rosa-300x300.png 300w, https:\/\/congresodietamediterranea.com\/wp-content\/uploads\/2024\/02\/Lamuela_Rosa-150x150.png 150w, https:\/\/congresodietamediterranea.com\/wp-content\/uploads\/2024\/02\/Lamuela_Rosa-768x768.png 768w, https:\/\/congresodietamediterranea.com\/wp-content\/uploads\/2024\/02\/Lamuela_Rosa-100x100.png 100w, https:\/\/congresodietamediterranea.com\/wp-content\/uploads\/2024\/02\/Lamuela_Rosa-140x140.png 140w, https:\/\/congresodietamediterranea.com\/wp-content\/uploads\/2024\/02\/Lamuela_Rosa-500x500.png 500w, https:\/\/congresodietamediterranea.com\/wp-content\/uploads\/2024\/02\/Lamuela_Rosa-350x350.png 350w, https:\/\/congresodietamediterranea.com\/wp-content\/uploads\/2024\/02\/Lamuela_Rosa-800x800.png 800w, https:\/\/congresodietamediterranea.com\/wp-content\/uploads\/2024\/02\/Lamuela_Rosa-375x375.png 375w, https:\/\/congresodietamediterranea.com\/wp-content\/uploads\/2024\/02\/Lamuela_Rosa-600x600.png 600w\" sizes=\"100vw\" alt=\"\" \/><\/div><\/div>[\/vc_column][vc_column column_padding=&#8221;no-extra-padding&#8221; column_padding_position=&#8221;all&#8221; background_color_opacity=&#8221;1&#8243; background_hover_color_opacity=&#8221;1&#8243; column_link_target=&#8221;_self&#8221; column_shadow=&#8221;none&#8221; column_border_radius=&#8221;none&#8221; width=&#8221;3\/4&#8243; tablet_width_inherit=&#8221;default&#8221; tablet_text_alignment=&#8221;default&#8221; phone_text_alignment=&#8221;default&#8221; column_border_width=&#8221;none&#8221; column_border_style=&#8221;solid&#8221; bg_image_animation=&#8221;none&#8221;][vc_column_text]Catedr\u00e0tica del Departament de Nutrici\u00f3 i Bromatologia de la Universitat de Barcelona, \u00e9s la fundadora i l\u00edder del Grup de Recerca en Polifenoles SGR 00334 2021 (polyphenolresearch.com), el qual forma part dels grups d&#8217;excel\u00b7l\u00e8ncia cient\u00edfica del CIBEROBN. Actualment, ocupa el c\u00e0rrec d&#8217;investigadora principal de la Unitat d&#8217;Excel\u00b7l\u00e8ncia Mar\u00eda de Maeztu de l&#8217;Institut en Nutrici\u00f3 i Seguretat Aliment\u00e0ria de la UB, INSA-UB.<\/p>\n<p>Durant cinc anys consecutius (2017-2021), ha estat inclosa en la llista dels cient\u00edfics m\u00e9s influents del m\u00f3n publicada per Clarivate Analytics (Highly Cited Researchers). Ha publicat m\u00e9s de 400 articles cient\u00edfics amb m\u00e9s de 46.000 cites, la qual cosa es tradueix en un \u00edndex H de 98 (Scopus). En reconeixement a la seva excel\u00b7l\u00e8ncia, en 2018 va ser guardonada amb el XXV Premi Institut Danone a la Traject\u00f2ria Cient\u00edfica \u201cDr. Carles Mart\u00ed Henneberg\u201d.[\/vc_column_text][\/vc_column][\/vc_row]\n","protected":false},"excerpt":{"rendered":"<p>[vc_row type=&#8221;in_container&#8221; full_screen_row_position=&#8221;middle&#8221; scene_position=&#8221;center&#8221; text_color=&#8221;dark&#8221; text_align=&#8221;left&#8221; overlay_strength=&#8221;0.3&#8243; shape_divider_position=&#8221;bottom&#8221; bg_image_animation=&#8221;none&#8221;][vc_column column_padding=&#8221;no-extra-padding&#8221; column_padding_position=&#8221;all&#8221; background_color_opacity=&#8221;1&#8243; background_hover_color_opacity=&#8221;1&#8243; column_link_target=&#8221;_self&#8221; column_shadow=&#8221;none&#8221; column_border_radius=&#8221;none&#8221; width=&#8221;1\/4&#8243; tablet_width_inherit=&#8221;default&#8221; tablet_text_alignment=&#8221;default&#8221; phone_text_alignment=&#8221;default&#8221; column_border_width=&#8221;none&#8221; column_border_style=&#8221;solid&#8221; bg_image_animation=&#8221;none&#8221;][\/vc_column][vc_column column_padding=&#8221;no-extra-padding&#8221; column_padding_position=&#8221;all&#8221; background_color_opacity=&#8221;1&#8243; background_hover_color_opacity=&#8221;1&#8243; column_link_target=&#8221;_self&#8221; column_shadow=&#8221;none&#8221; column_border_radius=&#8221;none&#8221;&#8230;<\/p>\n","protected":false},"author":9192195,"featured_media":0,"parent":16153,"menu_order":0,"comment_status":"closed","ping_status":"closed","template":"","meta":[],"_links":{"self":[{"href":"https:\/\/congresodietamediterranea.com\/ca\/wp-json\/wp\/v2\/pages\/16407\/"}],"collection":[{"href":"https:\/\/congresodietamediterranea.com\/ca\/wp-json\/wp\/v2\/pages\/"}],"about":[{"href":"https:\/\/congresodietamediterranea.com\/ca\/wp-json\/wp\/v2\/types\/page\/"}],"author":[{"embeddable":true,"href":"https:\/\/congresodietamediterranea.com\/ca\/wp-json\/wp\/v2\/users\/9192195\/"}],"replies":[{"embeddable":true,"href":"https:\/\/congresodietamediterranea.com\/ca\/wp-json\/wp\/v2\/comments\/?post=16407"}],"version-history":[{"count":2,"href":"https:\/\/congresodietamediterranea.com\/ca\/wp-json\/wp\/v2\/pages\/16407\/revisions\/"}],"predecessor-version":[{"id":16467,"href":"https:\/\/congresodietamediterranea.com\/ca\/wp-json\/wp\/v2\/pages\/16407\/revisions\/16467\/"}],"up":[{"embeddable":true,"href":"https:\/\/congresodietamediterranea.com\/ca\/wp-json\/wp\/v2\/pages\/16153\/"}],"wp:attachment":[{"href":"https:\/\/congresodietamediterranea.com\/ca\/wp-json\/wp\/v2\/media\/?parent=16407"}],"curies":[{"name":"wp","href":"https:\/\/api.w.org\/{rel}","templated":true}]}}