{"id":16410,"date":"2024-02-23T12:49:55","date_gmt":"2024-02-23T12:49:55","guid":{"rendered":"https:\/\/congresodietamediterranea.com\/ponents\/silvia-congost\/"},"modified":"2024-03-14T23:24:53","modified_gmt":"2024-03-14T23:24:53","slug":"silvia-congost","status":"publish","type":"page","link":"https:\/\/congresodietamediterranea.com\/ca\/ponents\/silvia-congost\/","title":{"rendered":"S\u00edlvia Congost"},"content":{"rendered":"[vc_row type=&#8221;in_container&#8221; full_screen_row_position=&#8221;middle&#8221; scene_position=&#8221;center&#8221; text_color=&#8221;dark&#8221; text_align=&#8221;left&#8221; overlay_strength=&#8221;0.3&#8243; shape_divider_position=&#8221;bottom&#8221; bg_image_animation=&#8221;none&#8221;][vc_column column_padding=&#8221;no-extra-padding&#8221; column_padding_position=&#8221;all&#8221; background_color_opacity=&#8221;1&#8243; background_hover_color_opacity=&#8221;1&#8243; column_link_target=&#8221;_self&#8221; column_shadow=&#8221;none&#8221; column_border_radius=&#8221;none&#8221; width=&#8221;1\/4&#8243; tablet_width_inherit=&#8221;default&#8221; tablet_text_alignment=&#8221;default&#8221; phone_text_alignment=&#8221;default&#8221; column_border_width=&#8221;none&#8221; column_border_style=&#8221;solid&#8221; bg_image_animation=&#8221;none&#8221;]<div class=\"img-with-aniamtion-wrap center\" data-max-width=\"100%\" data-border-radius=\"20px\"><div class=\"inner\"><img data-shadow=\"none\" data-shadow-direction=\"middle\" class=\"img-with-animation skip-lazy \" data-delay=\"0\" height=\"1000\" width=\"1000\"  data-animation=\"fade-in\" src=\"https:\/\/congresodietamediterranea.com\/wp-content\/uploads\/2024\/03\/Congost_Silvia.png\" srcset=\"https:\/\/congresodietamediterranea.com\/wp-content\/uploads\/2024\/03\/Congost_Silvia.png 1000w, https:\/\/congresodietamediterranea.com\/wp-content\/uploads\/2024\/03\/Congost_Silvia-300x300.png 300w, https:\/\/congresodietamediterranea.com\/wp-content\/uploads\/2024\/03\/Congost_Silvia-150x150.png 150w, https:\/\/congresodietamediterranea.com\/wp-content\/uploads\/2024\/03\/Congost_Silvia-768x768.png 768w, https:\/\/congresodietamediterranea.com\/wp-content\/uploads\/2024\/03\/Congost_Silvia-100x100.png 100w, https:\/\/congresodietamediterranea.com\/wp-content\/uploads\/2024\/03\/Congost_Silvia-140x140.png 140w, https:\/\/congresodietamediterranea.com\/wp-content\/uploads\/2024\/03\/Congost_Silvia-500x500.png 500w, https:\/\/congresodietamediterranea.com\/wp-content\/uploads\/2024\/03\/Congost_Silvia-350x350.png 350w, https:\/\/congresodietamediterranea.com\/wp-content\/uploads\/2024\/03\/Congost_Silvia-800x800.png 800w, https:\/\/congresodietamediterranea.com\/wp-content\/uploads\/2024\/03\/Congost_Silvia-375x375.png 375w, https:\/\/congresodietamediterranea.com\/wp-content\/uploads\/2024\/03\/Congost_Silvia-600x600.png 600w\" sizes=\"100vw\" alt=\"\" \/><\/div><\/div>[\/vc_column][vc_column column_padding=&#8221;no-extra-padding&#8221; column_padding_position=&#8221;all&#8221; background_color_opacity=&#8221;1&#8243; background_hover_color_opacity=&#8221;1&#8243; column_link_target=&#8221;_self&#8221; column_shadow=&#8221;none&#8221; column_border_radius=&#8221;none&#8221; width=&#8221;3\/4&#8243; tablet_width_inherit=&#8221;default&#8221; tablet_text_alignment=&#8221;default&#8221; phone_text_alignment=&#8221;default&#8221; column_border_width=&#8221;none&#8221; column_border_style=&#8221;solid&#8221; bg_image_animation=&#8221;none&#8221;][vc_column_text]Psic\u00f2loga, experta i referent mundial en autoestima, depend\u00e8ncia emocional i relacions, conferenciant i autora d&#8217;11 llibres d&#8217;\u00e8xit.<\/p>\n<p>L\u00edder inspiracional en mitjans de comunicaci\u00f3 i en xarxes socials. Amb m\u00e9s de 20 anys d&#8217;experi\u00e8ncia\u00a0 professional en el sector de la psicologia, compta amb 3\u00a0 centres propis a Espanya, des dels quals realitza\u00a0 ter\u00e0pia en l\u00ednia amb pacients de tot el m\u00f3n.<\/p>\n<p>Apassionada amb la seva feina, Silvia es dedica en cos i \u00e0nima a la seva missi\u00f3: aportar consci\u00e8ncia i educaci\u00f3 en\u00a0 el m\u00f3n de les relacions perqu\u00e8 sofrim menys\u00a0 i aconseguim entendre l&#8217;amor d&#8217;una forma m\u00e9s sana.[\/vc_column_text][\/vc_column][\/vc_row]\n","protected":false},"excerpt":{"rendered":"<p>[vc_row type=&#8221;in_container&#8221; full_screen_row_position=&#8221;middle&#8221; scene_position=&#8221;center&#8221; text_color=&#8221;dark&#8221; text_align=&#8221;left&#8221; overlay_strength=&#8221;0.3&#8243; shape_divider_position=&#8221;bottom&#8221; bg_image_animation=&#8221;none&#8221;][vc_column column_padding=&#8221;no-extra-padding&#8221; column_padding_position=&#8221;all&#8221; background_color_opacity=&#8221;1&#8243; background_hover_color_opacity=&#8221;1&#8243; column_link_target=&#8221;_self&#8221; column_shadow=&#8221;none&#8221; column_border_radius=&#8221;none&#8221; width=&#8221;1\/4&#8243; tablet_width_inherit=&#8221;default&#8221; tablet_text_alignment=&#8221;default&#8221; phone_text_alignment=&#8221;default&#8221; column_border_width=&#8221;none&#8221; column_border_style=&#8221;solid&#8221; bg_image_animation=&#8221;none&#8221;][\/vc_column][vc_column column_padding=&#8221;no-extra-padding&#8221; column_padding_position=&#8221;all&#8221; background_color_opacity=&#8221;1&#8243; background_hover_color_opacity=&#8221;1&#8243; column_link_target=&#8221;_self&#8221; column_shadow=&#8221;none&#8221; column_border_radius=&#8221;none&#8221;&#8230;<\/p>\n","protected":false},"author":9192195,"featured_media":0,"parent":16153,"menu_order":0,"comment_status":"closed","ping_status":"closed","template":"","meta":[],"_links":{"self":[{"href":"https:\/\/congresodietamediterranea.com\/ca\/wp-json\/wp\/v2\/pages\/16410\/"}],"collection":[{"href":"https:\/\/congresodietamediterranea.com\/ca\/wp-json\/wp\/v2\/pages\/"}],"about":[{"href":"https:\/\/congresodietamediterranea.com\/ca\/wp-json\/wp\/v2\/types\/page\/"}],"author":[{"embeddable":true,"href":"https:\/\/congresodietamediterranea.com\/ca\/wp-json\/wp\/v2\/users\/9192195\/"}],"replies":[{"embeddable":true,"href":"https:\/\/congresodietamediterranea.com\/ca\/wp-json\/wp\/v2\/comments\/?post=16410"}],"version-history":[{"count":2,"href":"https:\/\/congresodietamediterranea.com\/ca\/wp-json\/wp\/v2\/pages\/16410\/revisions\/"}],"predecessor-version":[{"id":16471,"href":"https:\/\/congresodietamediterranea.com\/ca\/wp-json\/wp\/v2\/pages\/16410\/revisions\/16471\/"}],"up":[{"embeddable":true,"href":"https:\/\/congresodietamediterranea.com\/ca\/wp-json\/wp\/v2\/pages\/16153\/"}],"wp:attachment":[{"href":"https:\/\/congresodietamediterranea.com\/ca\/wp-json\/wp\/v2\/media\/?parent=16410"}],"curies":[{"name":"wp","href":"https:\/\/api.w.org\/{rel}","templated":true}]}}